{"id":33,"date":"2022-05-12T09:39:01","date_gmt":"2022-05-12T07:39:01","guid":{"rendered":"https:\/\/atlantedelgiallo.unilink.it\/?page_id=33"},"modified":"2024-10-10T11:03:32","modified_gmt":"2024-10-10T09:03:32","slug":"eventi","status":"publish","type":"page","link":"https:\/\/atlantedelgiallo.unilink.it\/index.php\/eventi\/","title":{"rendered":"Eventi"},"content":{"rendered":"\n<div class=\"wp-block-columns is-layout-flex wp-container-core-columns-is-layout-d0b3c9c8 wp-block-columns-is-layout-flex\">\n<div class=\"wp-block-column is-layout-flow wp-block-column-is-layout-flow\">\n<div class=\"wp-block-group is-content-justification-left is-layout-constrained wp-container-core-group-is-layout-12dd3699 wp-block-group-is-layout-constrained\"><\/div>\n<\/div>\n<\/div>\n\n\n\n<div class=\"wp-block-group alignwide is-layout-flow wp-block-group-is-layout-flow\">\n<div class=\"wp-block-columns alignwide is-layout-flex wp-container-core-columns-is-layout-d0b3c9c8 wp-block-columns-is-layout-flex\">\n<div class=\"wp-block-column is-layout-flow wp-block-column-is-layout-flow\" style=\"flex-basis:33.33%\">\n<p>22-23 ottobre 2024<\/p>\n<\/div>\n\n\n\n<div class=\"wp-block-column is-layout-flow wp-block-column-is-layout-flow\" style=\"flex-basis:100%\">\n<p>Workshop \/ <strong><a href=\"https:\/\/atlantedelgiallo.unilink.it\/index.php\/2024\/10\/10\/delitti-e-vignette\/\">Delitti e vignette. Il fumetto giallo italiano tra serialit\u00e0, intermedialit\u00e0 e autorialit\u00e0<\/a><\/strong><\/p>\n\n\n\n<p>Universit\u00e0 di Chieti-Pescara<\/p>\n<\/div>\n<\/div>\n\n\n\n<div class=\"wp-block-columns alignwide is-layout-flex wp-container-core-columns-is-layout-d0b3c9c8 wp-block-columns-is-layout-flex\">\n<div class=\"wp-block-column is-layout-flow wp-block-column-is-layout-flow\" style=\"flex-basis:33.33%\">\n<p>16 ottobre 2024<\/p>\n<\/div>\n\n\n\n<div class=\"wp-block-column is-layout-flow wp-block-column-is-layout-flow\" style=\"flex-basis:100%\">\n<p>Workshop &#8220;Il pranzo \u00e8 servito. Cibo, televisione e media contemporanei: ricerche e prospettive&#8221; \/ <strong><a href=\"https:\/\/atlantedelgiallo.unilink.it\/index.php\/2024\/10\/09\/intervento-al-workshop-il-pranzo-e-servito\/\">&#8220;Troppi anni in appartamenti con un gran congelatore\u201d: culture gastronomiche e identit\u00e0 di genere nelle serie crime italiane<\/a><\/strong><\/p>\n\n\n\n<p>Universit\u00e0 di Torino<\/p>\n<\/div>\n<\/div>\n\n\n\n<div class=\"wp-block-columns alignwide is-layout-flex wp-container-core-columns-is-layout-d0b3c9c8 wp-block-columns-is-layout-flex\">\n<div class=\"wp-block-column is-layout-flow wp-block-column-is-layout-flow\" style=\"flex-basis:33.33%\">\n<p>10-11 luglio 2024<\/p>\n<\/div>\n\n\n\n<div class=\"wp-block-column is-layout-flow wp-block-column-is-layout-flow\" style=\"flex-basis:100%\">\n<p><a href=\"https:\/\/www.uniurb.it\/novita-ed-eventi\/5884\">Convegno &#8220;Screen Cultures Reloaded. Parole chiave per la ricerca sui media in Italia&#8221; \/ <strong>&#8220;Sei vecchia, le stava dicendo il suo corpo&#8221;: il tema dell\u2019aging nella serialit\u00e0 televisiva contemporanea<\/strong><\/a><\/p>\n\n\n\n<p>Universit\u00e0 di Urbino Carlo Bo<\/p>\n<\/div>\n<\/div>\n\n\n\n<div class=\"wp-block-columns alignwide is-layout-flex wp-container-core-columns-is-layout-d0b3c9c8 wp-block-columns-is-layout-flex\">\n<div class=\"wp-block-column is-layout-flow wp-block-column-is-layout-flow\" style=\"flex-basis:33.33%\">\n<p>10-11 giugno 2024<\/p>\n<\/div>\n\n\n\n<div class=\"wp-block-column is-layout-flow wp-block-column-is-layout-flow\" style=\"flex-basis:100%\">\n<p><a href=\"https:\/\/www.eur.nl\/en\/eshcc\/events\/representation-diversity-2024-06-10\">Convegno Internazionale &#8220;Representation of Diversity in Mediated Popular Culture in the Twenty-First Century&#8221; \/ <strong>Women\u2019s On-Screen Representation and Behind-the-Scene Employment in Italian TV Crime Drama<\/strong><\/a><\/p>\n\n\n\n<p>Erasmus University Rotterdam<\/p>\n<\/div>\n<\/div>\n\n\n\n<div class=\"wp-block-columns alignwide is-layout-flex wp-container-core-columns-is-layout-d0b3c9c8 wp-block-columns-is-layout-flex\">\n<div class=\"wp-block-column is-layout-flow wp-block-column-is-layout-flow\" style=\"flex-basis:33.33%\">\n<p>6-9 giugno 2024<\/p>\n<\/div>\n\n\n\n<div class=\"wp-block-column is-layout-flow wp-block-column-is-layout-flow\" style=\"flex-basis:100%\">\n<p>AAIS Conference\/ <strong><a href=\"https:\/\/atlantedelgiallo.unilink.it\/index.php\/2024\/06\/10\/atlante-del-giallo-partecipa-allaais\/\">Atlante del giallo: storia dei media e cultura popolare in Italia (1954-2020)<\/a><\/strong><\/p>\n\n\n\n<p>Sant\u2019Anna Institute, Sorrento<\/p>\n<\/div>\n<\/div>\n\n\n\n<div class=\"wp-block-columns alignwide is-layout-flex wp-container-core-columns-is-layout-d0b3c9c8 wp-block-columns-is-layout-flex\">\n<div class=\"wp-block-column is-layout-flow wp-block-column-is-layout-flow\" style=\"flex-basis:33.33%\">\n<p>14-15 maggio 2024<\/p>\n<\/div>\n\n\n\n<div class=\"wp-block-column is-layout-flow wp-block-column-is-layout-flow\" style=\"flex-basis:100%\">\n<p>Workshop\/ <a href=\"https:\/\/atlantedelgiallo.unilink.it\/index.php\/2024\/04\/23\/il-posto-di-montalbano\/\"><strong>Il posto di Montalbano. Continuit\u00e0 e rotture nella storia culturale del giallo televisivo<\/strong><\/a><\/p>\n\n\n\n<p>Link Campus University<\/p>\n<\/div>\n<\/div>\n\n\n\n<div class=\"wp-block-columns alignwide is-layout-flex wp-container-core-columns-is-layout-d0b3c9c8 wp-block-columns-is-layout-flex\">\n<div class=\"wp-block-column is-layout-flow wp-block-column-is-layout-flow\" style=\"flex-basis:33.33%\">\n<p>12-13 aprile 2024<\/p>\n<\/div>\n\n\n\n<div class=\"wp-block-column is-layout-flow wp-block-column-is-layout-flow\" style=\"flex-basis:100%\">\n<p><a href=\"https:\/\/www.unirsm.sm\/evento\/lavoro-e-questioni-di-genere\/\">Convegno &#8220;Lavoro e questioni di genere&#8221; \/ <strong>La presenza femminile sullo schermo e dietro le quinte nelle serie crime italiane<\/strong><\/a><\/p>\n\n\n\n<p>Universit\u00e0 degli Studi della Repubblica di San Marino<\/p>\n<\/div>\n<\/div>\n\n\n\n<div class=\"wp-block-columns alignwide is-layout-flex wp-container-core-columns-is-layout-d0b3c9c8 wp-block-columns-is-layout-flex\">\n<div class=\"wp-block-column is-layout-flow wp-block-column-is-layout-flow\" style=\"flex-basis:33.33%\">\n<p>22 gennaio 2024<\/p>\n<\/div>\n\n\n\n<div class=\"wp-block-column is-layout-flow wp-block-column-is-layout-flow\" style=\"flex-basis:100%\">\n<p>Italian Cinema Research Days\/ <strong><a href=\"https:\/\/atlantedelgiallo.unilink.it\/index.php\/2024\/02\/01\/bella-da-morire-drop-dead-beauty\/\">Bella da morire \/ Drop-Dead Beauty: Women&#8217;s On-Screen Representation and Behind-the-Scenes Employment in Italian TV Crime Drama<\/a><\/strong><\/p>\n\n\n\n<p>University of Warwick <\/p>\n<\/div>\n<\/div>\n\n\n\n<div class=\"wp-block-columns alignwide is-layout-flex wp-container-core-columns-is-layout-d0b3c9c8 wp-block-columns-is-layout-flex\">\n<div class=\"wp-block-column is-layout-flow wp-block-column-is-layout-flow\" style=\"flex-basis:33.33%\">\n<p>6 dicembre 2023<\/p>\n<\/div>\n\n\n\n<div class=\"wp-block-column is-layout-flow wp-block-column-is-layout-flow\" style=\"flex-basis:100%\">\n<p>Noir in Festival 2023\/ <a href=\"https:\/\/atlantedelgiallo.unilink.it\/index.php\/2023\/12\/03\/atlante-del-giallo-al-noir-in-festival\/\"><strong>I sensi del giallo. Potenziamento, deprivazione sensoriale e paranormale<\/strong><\/a><\/p>\n\n\n\n<p>Universit\u00e0 IULM, Milano <\/p>\n<\/div>\n<\/div>\n\n\n\n<div class=\"wp-block-columns alignwide is-layout-flex wp-container-core-columns-is-layout-d0b3c9c8 wp-block-columns-is-layout-flex\">\n<div class=\"wp-block-column is-layout-flow wp-block-column-is-layout-flow\" style=\"flex-basis:33.33%\">\n<p>24 novembre 2023<\/p>\n<\/div>\n\n\n\n<div class=\"wp-block-column is-layout-flow wp-block-column-is-layout-flow\" style=\"flex-basis:100%\">\n<p>Convegno internazionale &#8220;Universi seriali&#8221; \/ <a href=\"https:\/\/atlantedelgiallo.unilink.it\/index.php\/2023\/11\/20\/atlante-del-giallo-partecipa-al-convegno-internazionale-universi-seriali\/\"><strong>Tracciati del crime televisivo italiano tra modelli internazionali e tradizioni nazionali<\/strong><\/a><\/p>\n\n\n\n<p>Universit\u00e0 degli Studi Roma Tre<\/p>\n<\/div>\n<\/div>\n\n\n\n<div class=\"wp-block-columns alignwide is-layout-flex wp-container-core-columns-is-layout-d0b3c9c8 wp-block-columns-is-layout-flex\">\n<div class=\"wp-block-column is-layout-flow wp-block-column-is-layout-flow\" style=\"flex-basis:33.33%\">\n<p>21 novembre 2023<\/p>\n<\/div>\n\n\n\n<div class=\"wp-block-column is-layout-flow wp-block-column-is-layout-flow\" style=\"flex-basis:100%\">\n<p>Workshop e tavola rotonda \/ <strong><a href=\"https:\/\/atlantedelgiallo.unilink.it\/index.php\/2023\/11\/03\/metodologie-e-spazi-della-ricerca-sui-media\/\">Metodologie e spazi della ricerca sui media<\/a><\/strong><\/p>\n\n\n\n<p>Universit\u00e0 degli Studi LINK<\/p>\n<\/div>\n<\/div>\n\n\n\n<div class=\"wp-block-columns alignwide is-layout-flex wp-container-core-columns-is-layout-d0b3c9c8 wp-block-columns-is-layout-flex\">\n<div class=\"wp-block-column is-layout-flow wp-block-column-is-layout-flow\" style=\"flex-basis:33.33%\">\n<p>30-31 maggio 2023<\/p>\n<\/div>\n\n\n\n<div class=\"wp-block-column is-layout-flow wp-block-column-is-layout-flow\" style=\"flex-basis:100%\">\n<p>Workshop \/ <strong><a href=\"https:\/\/atlantedelgiallo.unilink.it\/index.php\/2023\/05\/08\/identita-del-giallo-italiano\/\" target=\"_blank\" rel=\"noreferrer noopener\">L\u2019identit\u00e0 del giallo italiano tra cosmopolitismo e regionalismo<\/a><\/strong><\/p>\n\n\n\n<p>Universit\u00e0 di Bologna<\/p>\n<\/div>\n<\/div>\n<\/div>\n\n\n\n<div class=\"wp-block-group alignwide is-layout-flow wp-block-group-is-layout-flow\">\n<div class=\"wp-block-columns alignwide is-layout-flex wp-container-core-columns-is-layout-d0b3c9c8 wp-block-columns-is-layout-flex\">\n<div class=\"wp-block-column is-layout-flow wp-block-column-is-layout-flow\" style=\"flex-basis:33.33%\">\n<p>6 dicembre 2022<\/p>\n<\/div>\n\n\n\n<div class=\"wp-block-column is-layout-flow wp-block-column-is-layout-flow\" style=\"flex-basis:100%\">\n<p>Evento di lancio \/ <strong><a href=\"https:\/\/atlantedelgiallo.unilink.it\/index.php\/2022\/11\/29\/verso-un-atlante-del-giallo\/\" target=\"_blank\" rel=\"noreferrer noopener\">Atlante del giallo @ Noir in Festival<\/a><\/strong><\/p>\n\n\n\n<p><\/p>\n\n\n\n<p>IULM<\/p>\n<\/div>\n<\/div>\n<\/div>\n\n\n\n<div class=\"wp-block-group alignwide is-layout-flow wp-block-group-is-layout-flow\">\n<div class=\"wp-block-columns alignwide is-layout-flex wp-container-core-columns-is-layout-d0b3c9c8 wp-block-columns-is-layout-flex\">\n<div class=\"wp-block-column is-layout-flow wp-block-column-is-layout-flow\" style=\"flex-basis:33.33%\">\n<p>28 ottobre 2022<\/p>\n<\/div>\n\n\n\n<div class=\"wp-block-column is-layout-flow wp-block-column-is-layout-flow\" style=\"flex-basis:100%\">\n<p>Convegno internazionale \/ <strong><a href=\"https:\/\/atlantedelgiallo.unilink.it\/index.php\/2022\/10\/25\/rifare-montalbano-a-marsiglia\/\">Ombre sul Mediterraneo. Scritture polifoniche del giallo televisivo tra produzione, adattamento e localizzazione<\/a><\/strong><\/p>\n\n\n\n<p><a href=\"https:\/\/site.unibo.it\/damslab\/it\/eventi\/la-sceneggiatura-nel-cinema-e-nei-media-storia-teorie-pratiche\" target=\"_blank\" rel=\"noreferrer noopener\">La sceneggiatura nel cinema e nei media. Storia, teorie, pratiche<\/a><\/p>\n\n\n\n<p>Universit\u00e0 di Bologna<\/p>\n<\/div>\n<\/div>\n<\/div>\n\n\n\n<div class=\"wp-block-group alignwide is-layout-flow wp-block-group-is-layout-flow\">\n<div class=\"wp-block-columns alignwide is-layout-flex wp-container-core-columns-is-layout-d0b3c9c8 wp-block-columns-is-layout-flex\">\n<div class=\"wp-block-column is-layout-flow wp-block-column-is-layout-flow\" style=\"flex-basis:33.33%\">\n<p>14 ottobre 2022<\/p>\n<\/div>\n\n\n\n<div class=\"wp-block-column is-layout-flow wp-block-column-is-layout-flow\" style=\"flex-basis:100%\">\n<p>Convegno internazionale \/ <strong><a href=\"https:\/\/atlantedelgiallo.unilink.it\/index.php\/2022\/10\/10\/tra-country-noir-e-alpin-noir\/\">Atlante del giallo: nuove geografie del crime televisivo europeo tra Country Noir e Alpin Noir<\/a><\/strong> <\/p>\n\n\n\n<p><a href=\"https:\/\/www.unito.it\/ateneo\/gli-speciali\/universo-dibattiti-eventi-discorsi-sul-mondo-contemporaneo\/mountain-mystery\" target=\"_blank\" rel=\"noreferrer noopener\">Mountain &amp; Mystery. Il poliziesco racconta la montagna<\/a><\/p>\n\n\n\n<p>Universit\u00e0 di Torino <\/p>\n<\/div>\n<\/div>\n<\/div>\n\n\n\n<div class=\"wp-block-group alignwide is-layout-flow wp-block-group-is-layout-flow\">\n<div class=\"wp-block-columns alignwide is-layout-flex wp-container-core-columns-is-layout-d0b3c9c8 wp-block-columns-is-layout-flex\">\n<div class=\"wp-block-column is-layout-flow wp-block-column-is-layout-flow\" style=\"flex-basis:33.33%\">\n<p>6 ottobre 2022 <\/p>\n<\/div>\n\n\n\n<div class=\"wp-block-column is-layout-flow wp-block-column-is-layout-flow\" style=\"flex-basis:100%\">\n<p>Convegno internazionale \/ <strong><a href=\"https:\/\/atlantedelgiallo.unilink.it\/index.php\/2022\/10\/04\/professioni-inadatte-a-una-donna\/\">Unsuitable jobs for women. Women\u2019s behind-the-scenes employment and women\u2019s on-screen representations in Italian TV crime drama<\/a><\/strong><\/p>\n\n\n\n<p><a href=\"https:\/\/site.unibo.it\/damslab\/it\/eventi\/media-mutations-13\" target=\"_blank\" rel=\"noreferrer noopener\">Media Mutations 13 &#8211; Audiovisual Data: Data-Driven Perspectives for Media Studies<\/a><\/p>\n\n\n\n<p>Universit\u00e0 di Bologna<\/p>\n<\/div>\n<\/div>\n<\/div>\n\n\n\n<hr style=\"width:1000px; max-width:100%;\" class=\"wp-block-separator has-alpha-channel-opacity is-style-wide\"\/>\n\n\n\n<div class=\"wp-block-query alignwide is-layout-flow wp-block-query-is-layout-flow\">\n\n<\/div>\n\n\n\n<p><\/p>\n","protected":false},"excerpt":{"rendered":"<p>22-23 ottobre 2024 Workshop \/ Delitti e vignette. Il fumetto giallo italiano tra serialit\u00e0, intermedialit\u00e0 e autorialit\u00e0 Universit\u00e0 di Chieti-Pescara 16 ottobre 2024 Workshop &#8220;Il pranzo \u00e8 servito. Cibo, televisione e media contemporanei: ricerche e prospettive&#8221; \/ &#8220;Troppi anni in appartamenti con un gran congelatore\u201d: culture gastronomiche e identit\u00e0 di genere nelle serie crime italiane [&hellip;]<\/p>\n","protected":false},"author":2,"featured_media":0,"parent":0,"menu_order":0,"comment_status":"closed","ping_status":"closed","template":"","meta":{"footnotes":""},"class_list":["post-33","page","type-page","status-publish","hentry"],"yoast_head":"<!-- This site is optimized with the Yoast SEO plugin v24.4 - https:\/\/yoast.com\/wordpress\/plugins\/seo\/ -->\n<title>Eventi - Atlante del giallo<\/title>\n<meta name=\"robots\" content=\"index, follow, max-snippet:-1, max-image-preview:large, max-video-preview:-1\" \/>\n<link rel=\"canonical\" href=\"https:\/\/atlantedelgiallo.unilink.it\/index.php\/eventi\/\" \/>\n<meta property=\"og:locale\" content=\"it_IT\" \/>\n<meta property=\"og:type\" content=\"article\" \/>\n<meta property=\"og:title\" content=\"Eventi - Atlante del giallo\" \/>\n<meta property=\"og:description\" content=\"22-23 ottobre 2024 Workshop \/ Delitti e vignette. Il fumetto giallo italiano tra serialit\u00e0, intermedialit\u00e0 e autorialit\u00e0 Universit\u00e0 di Chieti-Pescara 16 ottobre 2024 Workshop &#8220;Il pranzo \u00e8 servito. Cibo, televisione e media contemporanei: ricerche e prospettive&#8221; \/ &#8220;Troppi anni in appartamenti con un gran congelatore\u201d: culture gastronomiche e identit\u00e0 di genere nelle serie crime italiane [&hellip;]\" \/>\n<meta property=\"og:url\" content=\"https:\/\/atlantedelgiallo.unilink.it\/index.php\/eventi\/\" \/>\n<meta property=\"og:site_name\" content=\"Atlante del giallo\" \/>\n<meta property=\"article:modified_time\" content=\"2024-10-10T09:03:32+00:00\" \/>\n<meta property=\"og:image\" content=\"https:\/\/atlantedelgiallo.unilink.it\/wp-content\/uploads\/2022\/05\/negativo-colore.png\" \/>\n\t<meta property=\"og:image:width\" content=\"2122\" \/>\n\t<meta property=\"og:image:height\" content=\"1982\" \/>\n\t<meta property=\"og:image:type\" content=\"image\/png\" \/>\n<meta name=\"twitter:card\" content=\"summary_large_image\" \/>\n<script type=\"application\/ld+json\" class=\"yoast-schema-graph\">{\"@context\":\"https:\/\/schema.org\",\"@graph\":[{\"@type\":\"WebPage\",\"@id\":\"https:\/\/atlantedelgiallo.unilink.it\/index.php\/eventi\/\",\"url\":\"https:\/\/atlantedelgiallo.unilink.it\/index.php\/eventi\/\",\"name\":\"Eventi - Atlante del giallo\",\"isPartOf\":{\"@id\":\"https:\/\/atlantedelgiallo.unilink.it\/#website\"},\"datePublished\":\"2022-05-12T07:39:01+00:00\",\"dateModified\":\"2024-10-10T09:03:32+00:00\",\"breadcrumb\":{\"@id\":\"https:\/\/atlantedelgiallo.unilink.it\/index.php\/eventi\/#breadcrumb\"},\"inLanguage\":\"it-IT\",\"potentialAction\":[{\"@type\":\"ReadAction\",\"target\":[\"https:\/\/atlantedelgiallo.unilink.it\/index.php\/eventi\/\"]}]},{\"@type\":\"BreadcrumbList\",\"@id\":\"https:\/\/atlantedelgiallo.unilink.it\/index.php\/eventi\/#breadcrumb\",\"itemListElement\":[{\"@type\":\"ListItem\",\"position\":1,\"name\":\"Home\",\"item\":\"https:\/\/atlantedelgiallo.unilink.it\/\"},{\"@type\":\"ListItem\",\"position\":2,\"name\":\"Eventi\"}]},{\"@type\":\"WebSite\",\"@id\":\"https:\/\/atlantedelgiallo.unilink.it\/#website\",\"url\":\"https:\/\/atlantedelgiallo.unilink.it\/\",\"name\":\"Atlante del giallo\",\"description\":\"Progetto Prin 2020\",\"publisher\":{\"@id\":\"https:\/\/atlantedelgiallo.unilink.it\/#organization\"},\"potentialAction\":[{\"@type\":\"SearchAction\",\"target\":{\"@type\":\"EntryPoint\",\"urlTemplate\":\"https:\/\/atlantedelgiallo.unilink.it\/?s={search_term_string}\"},\"query-input\":{\"@type\":\"PropertyValueSpecification\",\"valueRequired\":true,\"valueName\":\"search_term_string\"}}],\"inLanguage\":\"it-IT\"},{\"@type\":\"Organization\",\"@id\":\"https:\/\/atlantedelgiallo.unilink.it\/#organization\",\"name\":\"Atlante del giallo - Progetto Prin 2020\",\"url\":\"https:\/\/atlantedelgiallo.unilink.it\/\",\"logo\":{\"@type\":\"ImageObject\",\"inLanguage\":\"it-IT\",\"@id\":\"https:\/\/atlantedelgiallo.unilink.it\/#\/schema\/logo\/image\/\",\"url\":\"https:\/\/atlantedelgiallo.unilink.it\/wp-content\/uploads\/2022\/05\/negativo-colore-1.png\",\"contentUrl\":\"https:\/\/atlantedelgiallo.unilink.it\/wp-content\/uploads\/2022\/05\/negativo-colore-1.png\",\"width\":2122,\"height\":1982,\"caption\":\"Atlante del giallo - Progetto Prin 2020\"},\"image\":{\"@id\":\"https:\/\/atlantedelgiallo.unilink.it\/#\/schema\/logo\/image\/\"}}]}<\/script>\n<!-- \/ Yoast SEO plugin. -->","yoast_head_json":{"title":"Eventi - Atlante del giallo","robots":{"index":"index","follow":"follow","max-snippet":"max-snippet:-1","max-image-preview":"max-image-preview:large","max-video-preview":"max-video-preview:-1"},"canonical":"https:\/\/atlantedelgiallo.unilink.it\/index.php\/eventi\/","og_locale":"it_IT","og_type":"article","og_title":"Eventi - Atlante del giallo","og_description":"22-23 ottobre 2024 Workshop \/ Delitti e vignette. Il fumetto giallo italiano tra serialit\u00e0, intermedialit\u00e0 e autorialit\u00e0 Universit\u00e0 di Chieti-Pescara 16 ottobre 2024 Workshop &#8220;Il pranzo \u00e8 servito. Cibo, televisione e media contemporanei: ricerche e prospettive&#8221; \/ &#8220;Troppi anni in appartamenti con un gran congelatore\u201d: culture gastronomiche e identit\u00e0 di genere nelle serie crime italiane [&hellip;]","og_url":"https:\/\/atlantedelgiallo.unilink.it\/index.php\/eventi\/","og_site_name":"Atlante del giallo","article_modified_time":"2024-10-10T09:03:32+00:00","og_image":[{"width":2122,"height":1982,"url":"https:\/\/atlantedelgiallo.unilink.it\/wp-content\/uploads\/2022\/05\/negativo-colore.png","type":"image\/png"}],"twitter_card":"summary_large_image","schema":{"@context":"https:\/\/schema.org","@graph":[{"@type":"WebPage","@id":"https:\/\/atlantedelgiallo.unilink.it\/index.php\/eventi\/","url":"https:\/\/atlantedelgiallo.unilink.it\/index.php\/eventi\/","name":"Eventi - Atlante del giallo","isPartOf":{"@id":"https:\/\/atlantedelgiallo.unilink.it\/#website"},"datePublished":"2022-05-12T07:39:01+00:00","dateModified":"2024-10-10T09:03:32+00:00","breadcrumb":{"@id":"https:\/\/atlantedelgiallo.unilink.it\/index.php\/eventi\/#breadcrumb"},"inLanguage":"it-IT","potentialAction":[{"@type":"ReadAction","target":["https:\/\/atlantedelgiallo.unilink.it\/index.php\/eventi\/"]}]},{"@type":"BreadcrumbList","@id":"https:\/\/atlantedelgiallo.unilink.it\/index.php\/eventi\/#breadcrumb","itemListElement":[{"@type":"ListItem","position":1,"name":"Home","item":"https:\/\/atlantedelgiallo.unilink.it\/"},{"@type":"ListItem","position":2,"name":"Eventi"}]},{"@type":"WebSite","@id":"https:\/\/atlantedelgiallo.unilink.it\/#website","url":"https:\/\/atlantedelgiallo.unilink.it\/","name":"Atlante del giallo","description":"Progetto Prin 2020","publisher":{"@id":"https:\/\/atlantedelgiallo.unilink.it\/#organization"},"potentialAction":[{"@type":"SearchAction","target":{"@type":"EntryPoint","urlTemplate":"https:\/\/atlantedelgiallo.unilink.it\/?s={search_term_string}"},"query-input":{"@type":"PropertyValueSpecification","valueRequired":true,"valueName":"search_term_string"}}],"inLanguage":"it-IT"},{"@type":"Organization","@id":"https:\/\/atlantedelgiallo.unilink.it\/#organization","name":"Atlante del giallo - Progetto Prin 2020","url":"https:\/\/atlantedelgiallo.unilink.it\/","logo":{"@type":"ImageObject","inLanguage":"it-IT","@id":"https:\/\/atlantedelgiallo.unilink.it\/#\/schema\/logo\/image\/","url":"https:\/\/atlantedelgiallo.unilink.it\/wp-content\/uploads\/2022\/05\/negativo-colore-1.png","contentUrl":"https:\/\/atlantedelgiallo.unilink.it\/wp-content\/uploads\/2022\/05\/negativo-colore-1.png","width":2122,"height":1982,"caption":"Atlante del giallo - Progetto Prin 2020"},"image":{"@id":"https:\/\/atlantedelgiallo.unilink.it\/#\/schema\/logo\/image\/"}}]}},"_links":{"self":[{"href":"https:\/\/atlantedelgiallo.unilink.it\/index.php\/wp-json\/wp\/v2\/pages\/33","targetHints":{"allow":["GET"]}}],"collection":[{"href":"https:\/\/atlantedelgiallo.unilink.it\/index.php\/wp-json\/wp\/v2\/pages"}],"about":[{"href":"https:\/\/atlantedelgiallo.unilink.it\/index.php\/wp-json\/wp\/v2\/types\/page"}],"author":[{"embeddable":true,"href":"https:\/\/atlantedelgiallo.unilink.it\/index.php\/wp-json\/wp\/v2\/users\/2"}],"replies":[{"embeddable":true,"href":"https:\/\/atlantedelgiallo.unilink.it\/index.php\/wp-json\/wp\/v2\/comments?post=33"}],"version-history":[{"count":57,"href":"https:\/\/atlantedelgiallo.unilink.it\/index.php\/wp-json\/wp\/v2\/pages\/33\/revisions"}],"predecessor-version":[{"id":1209,"href":"https:\/\/atlantedelgiallo.unilink.it\/index.php\/wp-json\/wp\/v2\/pages\/33\/revisions\/1209"}],"wp:attachment":[{"href":"https:\/\/atlantedelgiallo.unilink.it\/index.php\/wp-json\/wp\/v2\/media?parent=33"}],"curies":[{"name":"wp","href":"https:\/\/api.w.org\/{rel}","templated":true}]}}