{"id":23,"date":"2022-05-11T12:57:27","date_gmt":"2022-05-11T10:57:27","guid":{"rendered":"https:\/\/atlantedelgiallo.unilink.it\/?page_id=23"},"modified":"2024-10-29T15:11:51","modified_gmt":"2024-10-29T14:11:51","slug":"news","status":"publish","type":"page","link":"https:\/\/atlantedelgiallo.unilink.it\/index.php\/news\/","title":{"rendered":"News"},"content":{"rendered":"\n<div class=\"wp-block-query alignwide is-layout-constrained wp-block-query-is-layout-constrained\"><ul class=\"is-flex-container columns-3 alignwide wp-block-post-template is-layout-flow wp-block-post-template-is-layout-flow\"><li class=\"wp-block-post post-1383 post type-post status-publish format-standard has-post-thumbnail hentry category-news tag-bologna tag-giallo tag-giallofestival tag-investigatrici\">\n<figure style=\"width:100%;height:318px;\" class=\"wp-block-post-featured-image\"><a href=\"https:\/\/atlantedelgiallo.unilink.it\/index.php\/2025\/03\/13\/atlante-al-giallofestival-di-bologna\/\" target=\"_self\"  style=\"height:318px\"><img decoding=\"async\" width=\"1378\" height=\"1170\" data-src=\"https:\/\/atlantedelgiallo.unilink.it\/wp-content\/uploads\/2025\/03\/Schermata-2025-03-13-alle-12.07.00.png\" class=\"attachment-post-thumbnail size-post-thumbnail wp-post-image lazyload\" alt=\"ATLANTE DELLE INVESTIGATRICI TRA NARRATIVA E TELEVISIONE\" style=\"--smush-placeholder-width: 1378px; --smush-placeholder-aspect-ratio: 1378\/1170;height:318px;object-fit:cover;\" data-srcset=\"https:\/\/atlantedelgiallo.unilink.it\/wp-content\/uploads\/2025\/03\/Schermata-2025-03-13-alle-12.07.00.png 1378w, https:\/\/atlantedelgiallo.unilink.it\/wp-content\/uploads\/2025\/03\/Schermata-2025-03-13-alle-12.07.00-300x255.png 300w, https:\/\/atlantedelgiallo.unilink.it\/wp-content\/uploads\/2025\/03\/Schermata-2025-03-13-alle-12.07.00-1024x869.png 1024w, https:\/\/atlantedelgiallo.unilink.it\/wp-content\/uploads\/2025\/03\/Schermata-2025-03-13-alle-12.07.00-768x652.png 768w\" data-sizes=\"(max-width: 1378px) 100vw, 1378px\" src=\"data:image\/gif;base64,R0lGODlhAQABAAAAACH5BAEKAAEALAAAAAABAAEAAAICTAEAOw==\" \/><\/a><\/figure>\n\n<h2 class=\"wp-block-post-title has-x-large-font-size\"><a href=\"https:\/\/atlantedelgiallo.unilink.it\/index.php\/2025\/03\/13\/atlante-al-giallofestival-di-bologna\/\" target=\"_self\" >ATLANTE DELLE INVESTIGATRICI TRA NARRATIVA E TELEVISIONE<\/a><\/h2>\n\n<div class=\"wp-block-post-excerpt\"><p class=\"wp-block-post-excerpt__excerpt\">Atlante delle investigatrici al Giallo Festival di Bologna <\/p><\/div>\n\n<div class=\"wp-block-post-date has-small-font-size\"><time datetime=\"2025-03-13T12:20:51+01:00\"><a href=\"https:\/\/atlantedelgiallo.unilink.it\/index.php\/2025\/03\/13\/atlante-al-giallofestival-di-bologna\/\">Marzo 13, 2025<\/a><\/time><\/div>\n<\/li><li class=\"wp-block-post post-1351 post type-post status-publish format-standard has-post-thumbnail hentry category-news tag-giallo tag-mostra tag-sensi\">\n<figure style=\"width:100%;height:318px;\" class=\"wp-block-post-featured-image\"><a href=\"https:\/\/atlantedelgiallo.unilink.it\/index.php\/2025\/03\/11\/mostra-i-sensi-del-giallo\/\" target=\"_self\"  style=\"height:318px\"><img decoding=\"async\" width=\"1600\" height=\"675\" data-src=\"https:\/\/atlantedelgiallo.unilink.it\/wp-content\/uploads\/2025\/03\/immagine_I-SENSI-DEL-GIALLO.jpeg\" class=\"attachment-post-thumbnail size-post-thumbnail wp-post-image lazyload\" alt=\"I SENSI DEL GIALLO.IL CORPO (DEL REATO)TRA INGANNO ED EVIDENZA\" style=\"--smush-placeholder-width: 1600px; --smush-placeholder-aspect-ratio: 1600\/675;height:318px;object-fit:cover;\" data-srcset=\"https:\/\/atlantedelgiallo.unilink.it\/wp-content\/uploads\/2025\/03\/immagine_I-SENSI-DEL-GIALLO.jpeg 1600w, https:\/\/atlantedelgiallo.unilink.it\/wp-content\/uploads\/2025\/03\/immagine_I-SENSI-DEL-GIALLO-300x127.jpeg 300w, https:\/\/atlantedelgiallo.unilink.it\/wp-content\/uploads\/2025\/03\/immagine_I-SENSI-DEL-GIALLO-1024x432.jpeg 1024w, https:\/\/atlantedelgiallo.unilink.it\/wp-content\/uploads\/2025\/03\/immagine_I-SENSI-DEL-GIALLO-768x324.jpeg 768w, https:\/\/atlantedelgiallo.unilink.it\/wp-content\/uploads\/2025\/03\/immagine_I-SENSI-DEL-GIALLO-1536x648.jpeg 1536w\" data-sizes=\"(max-width: 1600px) 100vw, 1600px\" src=\"data:image\/gif;base64,R0lGODlhAQABAAAAACH5BAEKAAEALAAAAAABAAEAAAICTAEAOw==\" \/><\/a><\/figure>\n\n<h2 class=\"wp-block-post-title has-x-large-font-size\"><a href=\"https:\/\/atlantedelgiallo.unilink.it\/index.php\/2025\/03\/11\/mostra-i-sensi-del-giallo\/\" target=\"_self\" >I SENSI DEL GIALLO.<br>IL CORPO (DEL REATO)<br>TRA INGANNO ED EVIDENZA<\/a><\/h2>\n\n<div class=\"wp-block-post-excerpt\"><p class=\"wp-block-post-excerpt__excerpt\">Mostra I sensi del giallo <\/p><\/div>\n\n<div class=\"wp-block-post-date has-small-font-size\"><time datetime=\"2025-03-11T20:00:15+01:00\"><a href=\"https:\/\/atlantedelgiallo.unilink.it\/index.php\/2025\/03\/11\/mostra-i-sensi-del-giallo\/\">Marzo 11, 2025<\/a><\/time><\/div>\n<\/li><li class=\"wp-block-post post-1299 post type-post status-publish format-standard has-post-thumbnail hentry category-news tag-cfp tag-criminalita tag-giallo tag-valle-delleden\">\n<figure style=\"width:100%;height:318px;\" class=\"wp-block-post-featured-image\"><a href=\"https:\/\/atlantedelgiallo.unilink.it\/index.php\/2024\/11\/11\/trame-visuali-visual-patterns-in-crime-representation\/\" target=\"_self\"  style=\"height:318px\"><img decoding=\"async\" width=\"800\" height=\"540\" data-src=\"https:\/\/atlantedelgiallo.unilink.it\/wp-content\/uploads\/2024\/11\/giallo-eden.png\" class=\"attachment-post-thumbnail size-post-thumbnail wp-post-image lazyload\" alt=\"Trame visuali\/ Visual Patterns in Crime Representation\" style=\"--smush-placeholder-width: 800px; --smush-placeholder-aspect-ratio: 800\/540;height:318px;object-fit:cover;\" data-srcset=\"https:\/\/atlantedelgiallo.unilink.it\/wp-content\/uploads\/2024\/11\/giallo-eden.png 800w, https:\/\/atlantedelgiallo.unilink.it\/wp-content\/uploads\/2024\/11\/giallo-eden-300x203.png 300w, https:\/\/atlantedelgiallo.unilink.it\/wp-content\/uploads\/2024\/11\/giallo-eden-768x518.png 768w\" data-sizes=\"(max-width: 800px) 100vw, 800px\" src=\"data:image\/gif;base64,R0lGODlhAQABAAAAACH5BAEKAAEALAAAAAABAAEAAAICTAEAOw==\" \/><\/a><\/figure>\n\n<h2 class=\"wp-block-post-title has-x-large-font-size\"><a href=\"https:\/\/atlantedelgiallo.unilink.it\/index.php\/2024\/11\/11\/trame-visuali-visual-patterns-in-crime-representation\/\" target=\"_self\" >Trame visuali\/ Visual Patterns in Crime Representation<\/a><\/h2>\n\n<div class=\"wp-block-post-excerpt\"><p class=\"wp-block-post-excerpt__excerpt\">Call for Essays &#8211; La valle dell&#8217;Eden n. 46-47, 2025 \u2013 a cura di \/ edited by Luisella Farinotti e Paola Valentini. Deadline: 10\/12\/2024. <\/p><\/div>\n\n<div class=\"wp-block-post-date has-small-font-size\"><time datetime=\"2024-11-11T18:21:12+01:00\"><a href=\"https:\/\/atlantedelgiallo.unilink.it\/index.php\/2024\/11\/11\/trame-visuali-visual-patterns-in-crime-representation\/\">Novembre 11, 2024<\/a><\/time><\/div>\n<\/li><li class=\"wp-block-post post-1288 post type-post status-publish format-standard has-post-thumbnail hentry category-news tag-cfp tag-fumetto tag-giallo tag-valle-delleden\">\n<figure style=\"width:100%;height:318px;\" class=\"wp-block-post-featured-image\"><a href=\"https:\/\/atlantedelgiallo.unilink.it\/index.php\/2024\/11\/11\/dossier-il-fumetto-giallo-in-italia-crime-comics-in-italy\/\" target=\"_self\"  style=\"height:318px\"><img decoding=\"async\" width=\"800\" height=\"540\" data-src=\"https:\/\/atlantedelgiallo.unilink.it\/wp-content\/uploads\/2024\/11\/diabolik.jpg\" class=\"attachment-post-thumbnail size-post-thumbnail wp-post-image lazyload\" alt=\"Dossier: Il fumetto giallo in Italia\/Crime Comics in Italy\" style=\"--smush-placeholder-width: 800px; --smush-placeholder-aspect-ratio: 800\/540;height:318px;object-fit:cover;\" data-srcset=\"https:\/\/atlantedelgiallo.unilink.it\/wp-content\/uploads\/2024\/11\/diabolik.jpg 800w, https:\/\/atlantedelgiallo.unilink.it\/wp-content\/uploads\/2024\/11\/diabolik-300x203.jpg 300w, https:\/\/atlantedelgiallo.unilink.it\/wp-content\/uploads\/2024\/11\/diabolik-768x518.jpg 768w\" data-sizes=\"(max-width: 800px) 100vw, 800px\" src=\"data:image\/gif;base64,R0lGODlhAQABAAAAACH5BAEKAAEALAAAAAABAAEAAAICTAEAOw==\" \/><\/a><\/figure>\n\n<h2 class=\"wp-block-post-title has-x-large-font-size\"><a href=\"https:\/\/atlantedelgiallo.unilink.it\/index.php\/2024\/11\/11\/dossier-il-fumetto-giallo-in-italia-crime-comics-in-italy\/\" target=\"_self\" >Dossier: Il fumetto giallo in Italia\/Crime Comics in Italy<\/a><\/h2>\n\n<div class=\"wp-block-post-excerpt\"><p class=\"wp-block-post-excerpt__excerpt\">Call for Essays &#8211; La valle dell&#8217;Eden n. 46-47, 2025 \u2013 a cura di \/ edited by Federico Pagello, Matteo Pollone e Lorenzo Di Paola. Deadline: 10\/12\/2024. <\/p><\/div>\n\n<div class=\"wp-block-post-date has-small-font-size\"><time datetime=\"2024-11-11T17:54:42+01:00\"><a href=\"https:\/\/atlantedelgiallo.unilink.it\/index.php\/2024\/11\/11\/dossier-il-fumetto-giallo-in-italia-crime-comics-in-italy\/\">Novembre 11, 2024<\/a><\/time><\/div>\n<\/li><li class=\"wp-block-post post-1195 post type-post status-publish format-standard has-post-thumbnail hentry category-news tag-atlante tag-fumetto tag-giallo tag-workshop\">\n<figure style=\"width:100%;height:318px;\" class=\"wp-block-post-featured-image\"><a href=\"https:\/\/atlantedelgiallo.unilink.it\/index.php\/2024\/10\/10\/delitti-e-vignette\/\" target=\"_self\"  style=\"height:318px\"><img decoding=\"async\" width=\"1180\" height=\"1108\" data-src=\"https:\/\/atlantedelgiallo.unilink.it\/wp-content\/uploads\/2024\/10\/fumetto-giallo.png\" class=\"attachment-post-thumbnail size-post-thumbnail wp-post-image lazyload\" alt=\"Delitti e vignette. Il fumetto giallo italiano tra serialit\u00e0, autorialit\u00e0 e intermedialit\u00e0\" style=\"--smush-placeholder-width: 1180px; --smush-placeholder-aspect-ratio: 1180\/1108;height:318px;object-fit:cover;\" data-srcset=\"https:\/\/atlantedelgiallo.unilink.it\/wp-content\/uploads\/2024\/10\/fumetto-giallo.png 1180w, https:\/\/atlantedelgiallo.unilink.it\/wp-content\/uploads\/2024\/10\/fumetto-giallo-300x282.png 300w, https:\/\/atlantedelgiallo.unilink.it\/wp-content\/uploads\/2024\/10\/fumetto-giallo-1024x962.png 1024w, https:\/\/atlantedelgiallo.unilink.it\/wp-content\/uploads\/2024\/10\/fumetto-giallo-768x721.png 768w\" data-sizes=\"(max-width: 1180px) 100vw, 1180px\" src=\"data:image\/gif;base64,R0lGODlhAQABAAAAACH5BAEKAAEALAAAAAABAAEAAAICTAEAOw==\" \/><\/a><\/figure>\n\n<h2 class=\"wp-block-post-title has-x-large-font-size\"><a href=\"https:\/\/atlantedelgiallo.unilink.it\/index.php\/2024\/10\/10\/delitti-e-vignette\/\" target=\"_self\" >Delitti e vignette. Il fumetto giallo italiano tra serialit\u00e0, autorialit\u00e0 e intermedialit\u00e0<\/a><\/h2>\n\n<div class=\"wp-block-post-excerpt\"><p class=\"wp-block-post-excerpt__excerpt\">Workshop: Delitti e vignette. Il fumetto giallo italiano tra serialit\u00e0, autorialit\u00e0 e intermedialit\u00e0 <\/p><\/div>\n\n<div class=\"wp-block-post-date has-small-font-size\"><time datetime=\"2024-10-10T10:54:22+02:00\"><a href=\"https:\/\/atlantedelgiallo.unilink.it\/index.php\/2024\/10\/10\/delitti-e-vignette\/\">Ottobre 10, 2024<\/a><\/time><\/div>\n<\/li><li class=\"wp-block-post post-1145 post type-post status-publish format-standard has-post-thumbnail hentry category-news tag-cibo tag-giallo tag-torino tag-workshop\">\n<figure style=\"width:100%;height:318px;\" class=\"wp-block-post-featured-image\"><a href=\"https:\/\/atlantedelgiallo.unilink.it\/index.php\/2024\/10\/09\/intervento-al-workshop-il-pranzo-e-servito\/\" target=\"_self\"  style=\"height:318px\"><img decoding=\"async\" width=\"1920\" height=\"1738\" data-src=\"https:\/\/atlantedelgiallo.unilink.it\/wp-content\/uploads\/2024\/10\/Pranzo_servito1-min-e1728480896551.png\" class=\"attachment-post-thumbnail size-post-thumbnail wp-post-image lazyload\" alt=\"\u201cTroppi anni in appartamenti con un gran congelatore\u201d: culture gastronomiche e identit\u00e0 di genere nelle serie crime italiane\" style=\"--smush-placeholder-width: 1920px; --smush-placeholder-aspect-ratio: 1920\/1738;height:318px;object-fit:cover;\" data-srcset=\"https:\/\/atlantedelgiallo.unilink.it\/wp-content\/uploads\/2024\/10\/Pranzo_servito1-min-e1728480896551.png 1920w, https:\/\/atlantedelgiallo.unilink.it\/wp-content\/uploads\/2024\/10\/Pranzo_servito1-min-e1728480896551-300x272.png 300w, https:\/\/atlantedelgiallo.unilink.it\/wp-content\/uploads\/2024\/10\/Pranzo_servito1-min-e1728480896551-1024x927.png 1024w, https:\/\/atlantedelgiallo.unilink.it\/wp-content\/uploads\/2024\/10\/Pranzo_servito1-min-e1728480896551-768x695.png 768w, https:\/\/atlantedelgiallo.unilink.it\/wp-content\/uploads\/2024\/10\/Pranzo_servito1-min-e1728480896551-1536x1390.png 1536w\" data-sizes=\"(max-width: 1920px) 100vw, 1920px\" src=\"data:image\/gif;base64,R0lGODlhAQABAAAAACH5BAEKAAEALAAAAAABAAEAAAICTAEAOw==\" \/><\/a><\/figure>\n\n<h2 class=\"wp-block-post-title has-x-large-font-size\"><a href=\"https:\/\/atlantedelgiallo.unilink.it\/index.php\/2024\/10\/09\/intervento-al-workshop-il-pranzo-e-servito\/\" target=\"_self\" >\u201cTroppi anni in appartamenti con un gran congelatore\u201d: culture gastronomiche e identit\u00e0 di genere nelle serie crime italiane<\/a><\/h2>\n\n<div class=\"wp-block-post-excerpt\"><p class=\"wp-block-post-excerpt__excerpt\">16 ottobre 2024 &#8211; Universit\u00e0 di Torino Workshop \u201cIl pranzo \u00e8 servito. Cibo, televisione e media contemporanei: ricerche e prospettive\u201d Il primo romanzo della serie dedicata alle avventure investigative dell\u2019ispettrice Petra Delicado (Riti di morte di Alicia Gim\u00e9nez Bartlett, 1996) si apre con il trasferimento della protagonista in una \u201ccasetta con giardino\u201d nel quartiere di&hellip; <\/p><\/div>\n\n<div class=\"wp-block-post-date has-small-font-size\"><time datetime=\"2024-10-09T15:39:17+02:00\"><a href=\"https:\/\/atlantedelgiallo.unilink.it\/index.php\/2024\/10\/09\/intervento-al-workshop-il-pranzo-e-servito\/\">Ottobre 9, 2024<\/a><\/time><\/div>\n<\/li><li class=\"wp-block-post post-1061 post type-post status-publish format-standard has-post-thumbnail hentry category-news tag-cinergie tag-crime tag-giallo tag-numero-speciale\">\n<figure style=\"width:100%;height:318px;\" class=\"wp-block-post-featured-image\"><a href=\"https:\/\/atlantedelgiallo.unilink.it\/index.php\/2024\/08\/30\/crime-unmasked\/\" target=\"_self\"  style=\"height:318px\"><img decoding=\"async\" width=\"1920\" height=\"1080\" data-src=\"https:\/\/atlantedelgiallo.unilink.it\/wp-content\/uploads\/2024\/08\/copertina-sito-crime-unmasked.png\" class=\"attachment-post-thumbnail size-post-thumbnail wp-post-image lazyload\" alt=\"&#8220;Volti e scene del crimine&#8221; is out!\" style=\"--smush-placeholder-width: 1920px; --smush-placeholder-aspect-ratio: 1920\/1080;height:318px;object-fit:cover;\" data-srcset=\"https:\/\/atlantedelgiallo.unilink.it\/wp-content\/uploads\/2024\/08\/copertina-sito-crime-unmasked.png 1920w, https:\/\/atlantedelgiallo.unilink.it\/wp-content\/uploads\/2024\/08\/copertina-sito-crime-unmasked-300x169.png 300w, https:\/\/atlantedelgiallo.unilink.it\/wp-content\/uploads\/2024\/08\/copertina-sito-crime-unmasked-1024x576.png 1024w, https:\/\/atlantedelgiallo.unilink.it\/wp-content\/uploads\/2024\/08\/copertina-sito-crime-unmasked-768x432.png 768w, https:\/\/atlantedelgiallo.unilink.it\/wp-content\/uploads\/2024\/08\/copertina-sito-crime-unmasked-1536x864.png 1536w\" data-sizes=\"(max-width: 1920px) 100vw, 1920px\" src=\"data:image\/gif;base64,R0lGODlhAQABAAAAACH5BAEKAAEALAAAAAABAAEAAAICTAEAOw==\" \/><\/a><\/figure>\n\n<h2 class=\"wp-block-post-title has-x-large-font-size\"><a href=\"https:\/\/atlantedelgiallo.unilink.it\/index.php\/2024\/08\/30\/crime-unmasked\/\" target=\"_self\" >&#8220;Volti e scene del crimine&#8221; is out!<\/a><\/h2>\n\n<div class=\"wp-block-post-excerpt\"><p class=\"wp-block-post-excerpt__excerpt\">Crime Unmasked: Exploring the Morphologies of Italian Giallo through Transnational Influences and Intermedial Hybridization &#8211; a cura di Arianna Vergari e Giulia Scomazzon \u00c8 disponibile online, in open access, il numero 25 della rivista &#8220;Cinergie. Il cinema e le altre arti&#8221;, sviluppato all\u2019interno del progetto PRIN 2020 \u201cAtlante del giallo. Storia dei media e cultura&hellip; <\/p><\/div>\n\n<div class=\"wp-block-post-date has-small-font-size\"><time datetime=\"2024-08-30T11:11:09+02:00\"><a href=\"https:\/\/atlantedelgiallo.unilink.it\/index.php\/2024\/08\/30\/crime-unmasked\/\">Agosto 30, 2024<\/a><\/time><\/div>\n<\/li><li class=\"wp-block-post post-1114 post type-post status-publish format-standard has-post-thumbnail hentry category-news tag-aais tag-atlante tag-conference tag-giallo tag-sorrento\">\n<figure style=\"width:100%;height:318px;\" class=\"wp-block-post-featured-image\"><a href=\"https:\/\/atlantedelgiallo.unilink.it\/index.php\/2024\/06\/10\/atlante-del-giallo-partecipa-allaais\/\" target=\"_self\"  style=\"height:318px\"><img decoding=\"async\" width=\"1920\" height=\"1080\" data-src=\"https:\/\/atlantedelgiallo.unilink.it\/wp-content\/uploads\/2024\/08\/IMMAGINE-SITO-AAIS.jpg\" class=\"attachment-post-thumbnail size-post-thumbnail wp-post-image lazyload\" alt=\"Atlante del giallo partecipa all&#8217;AAIS Conference\" style=\"--smush-placeholder-width: 1920px; --smush-placeholder-aspect-ratio: 1920\/1080;height:318px;object-fit:cover;\" data-srcset=\"https:\/\/atlantedelgiallo.unilink.it\/wp-content\/uploads\/2024\/08\/IMMAGINE-SITO-AAIS.jpg 1920w, https:\/\/atlantedelgiallo.unilink.it\/wp-content\/uploads\/2024\/08\/IMMAGINE-SITO-AAIS-300x169.jpg 300w, https:\/\/atlantedelgiallo.unilink.it\/wp-content\/uploads\/2024\/08\/IMMAGINE-SITO-AAIS-1024x576.jpg 1024w, https:\/\/atlantedelgiallo.unilink.it\/wp-content\/uploads\/2024\/08\/IMMAGINE-SITO-AAIS-768x432.jpg 768w, https:\/\/atlantedelgiallo.unilink.it\/wp-content\/uploads\/2024\/08\/IMMAGINE-SITO-AAIS-1536x864.jpg 1536w\" data-sizes=\"(max-width: 1920px) 100vw, 1920px\" src=\"data:image\/gif;base64,R0lGODlhAQABAAAAACH5BAEKAAEALAAAAAABAAEAAAICTAEAOw==\" \/><\/a><\/figure>\n\n<h2 class=\"wp-block-post-title has-x-large-font-size\"><a href=\"https:\/\/atlantedelgiallo.unilink.it\/index.php\/2024\/06\/10\/atlante-del-giallo-partecipa-allaais\/\" target=\"_self\" >Atlante del giallo partecipa all&#8217;AAIS Conference<\/a><\/h2>\n\n<div class=\"wp-block-post-excerpt\"><p class=\"wp-block-post-excerpt__excerpt\">6-9 giugno 2024 &#8211; Sant&#8217;Anna Institute, Sorrento Alcune delle ricerche compiute e tuttora in corso nell\u2019ambito del progetto PRIN 2020 \u201cAtlante del giallo: storia dei media e cultura popolare in Italia (1954-2020)\u201d sono state presentate durante la Conferenza annuale dell\u2019American Association for Italian Studies, svoltasi dal 6 al 9 giugno 2024 presso il Sant\u2019Anna Institute&hellip; <\/p><\/div>\n\n<div class=\"wp-block-post-date has-small-font-size\"><time datetime=\"2024-06-10T12:25:31+02:00\"><a href=\"https:\/\/atlantedelgiallo.unilink.it\/index.php\/2024\/06\/10\/atlante-del-giallo-partecipa-allaais\/\">Giugno 10, 2024<\/a><\/time><\/div>\n<\/li><li class=\"wp-block-post post-1007 post type-post status-publish format-standard has-post-thumbnail hentry category-news tag-atlante tag-giallo tag-montalbano tag-workshop\">\n<figure style=\"width:100%;height:318px;\" class=\"wp-block-post-featured-image\"><a href=\"https:\/\/atlantedelgiallo.unilink.it\/index.php\/2024\/04\/23\/il-posto-di-montalbano\/\" target=\"_self\"  style=\"height:318px\"><img decoding=\"async\" width=\"1535\" height=\"1063\" data-src=\"https:\/\/atlantedelgiallo.unilink.it\/wp-content\/uploads\/2024\/04\/immagine-per-sito-2.jpg\" class=\"attachment-post-thumbnail size-post-thumbnail wp-post-image lazyload\" alt=\"Il posto di Montalbano. Continuit\u00e0 e rotture nella storia culturale del giallo televisivo\" style=\"--smush-placeholder-width: 1535px; --smush-placeholder-aspect-ratio: 1535\/1063;height:318px;object-fit:cover;\" data-srcset=\"https:\/\/atlantedelgiallo.unilink.it\/wp-content\/uploads\/2024\/04\/immagine-per-sito-2.jpg 1535w, https:\/\/atlantedelgiallo.unilink.it\/wp-content\/uploads\/2024\/04\/immagine-per-sito-2-300x208.jpg 300w, https:\/\/atlantedelgiallo.unilink.it\/wp-content\/uploads\/2024\/04\/immagine-per-sito-2-1024x709.jpg 1024w, https:\/\/atlantedelgiallo.unilink.it\/wp-content\/uploads\/2024\/04\/immagine-per-sito-2-768x532.jpg 768w\" data-sizes=\"(max-width: 1535px) 100vw, 1535px\" src=\"data:image\/gif;base64,R0lGODlhAQABAAAAACH5BAEKAAEALAAAAAABAAEAAAICTAEAOw==\" \/><\/a><\/figure>\n\n<h2 class=\"wp-block-post-title has-x-large-font-size\"><a href=\"https:\/\/atlantedelgiallo.unilink.it\/index.php\/2024\/04\/23\/il-posto-di-montalbano\/\" target=\"_self\" >Il posto di Montalbano. Continuit\u00e0 e rotture nella storia culturale del giallo televisivo<\/a><\/h2>\n\n<div class=\"wp-block-post-excerpt\"><p class=\"wp-block-post-excerpt__excerpt\">Workshop: Il posto di Montalbano. Continuit\u00e0 e rotture nella storia culturale del giallo televisivo. 14-15 maggio 2024, presso l&#8217;Universit\u00e0 degli studi Link. <\/p><\/div>\n\n<div class=\"wp-block-post-date has-small-font-size\"><time datetime=\"2024-04-23T14:17:50+02:00\"><a href=\"https:\/\/atlantedelgiallo.unilink.it\/index.php\/2024\/04\/23\/il-posto-di-montalbano\/\">Aprile 23, 2024<\/a><\/time><\/div>\n<\/li><li class=\"wp-block-post post-984 post type-post status-publish format-standard has-post-thumbnail hentry category-news tag-bella-da-morire tag-crime tag-keynote tag-warwick\">\n<figure style=\"width:100%;height:318px;\" class=\"wp-block-post-featured-image\"><a href=\"https:\/\/atlantedelgiallo.unilink.it\/index.php\/2024\/02\/01\/bella-da-morire-drop-dead-beauty\/\" target=\"_self\"  style=\"height:318px\"><img decoding=\"async\" width=\"1280\" height=\"720\" data-src=\"https:\/\/atlantedelgiallo.unilink.it\/wp-content\/uploads\/2024\/02\/bella-da-morire-cast-cristiana-capotondi.png\" class=\"attachment-post-thumbnail size-post-thumbnail wp-post-image lazyload\" alt=\"Keynote Talk: Bella da morire\/ Drop-Dead Beauty\" style=\"--smush-placeholder-width: 1280px; --smush-placeholder-aspect-ratio: 1280\/720;height:318px;object-fit:cover;\" data-srcset=\"https:\/\/atlantedelgiallo.unilink.it\/wp-content\/uploads\/2024\/02\/bella-da-morire-cast-cristiana-capotondi.png 1280w, https:\/\/atlantedelgiallo.unilink.it\/wp-content\/uploads\/2024\/02\/bella-da-morire-cast-cristiana-capotondi-300x169.png 300w, https:\/\/atlantedelgiallo.unilink.it\/wp-content\/uploads\/2024\/02\/bella-da-morire-cast-cristiana-capotondi-1024x576.png 1024w, https:\/\/atlantedelgiallo.unilink.it\/wp-content\/uploads\/2024\/02\/bella-da-morire-cast-cristiana-capotondi-768x432.png 768w\" data-sizes=\"(max-width: 1280px) 100vw, 1280px\" src=\"data:image\/gif;base64,R0lGODlhAQABAAAAACH5BAEKAAEALAAAAAABAAEAAAICTAEAOw==\" \/><\/a><\/figure>\n\n<h2 class=\"wp-block-post-title has-x-large-font-size\"><a href=\"https:\/\/atlantedelgiallo.unilink.it\/index.php\/2024\/02\/01\/bella-da-morire-drop-dead-beauty\/\" target=\"_self\" >Keynote Talk: Bella da morire\/ Drop-Dead Beauty<\/a><\/h2>\n\n<div class=\"wp-block-post-excerpt\"><p class=\"wp-block-post-excerpt__excerpt\">Keynote Talk: Bella da morire\/ Drop-Dead Beauty: Women&#8217;s On-Screen Representation and Behind-the-Scenes Employment in Italian TV Crime Drama <\/p><\/div>\n\n<div class=\"wp-block-post-date has-small-font-size\"><time datetime=\"2024-02-01T15:02:27+01:00\"><a href=\"https:\/\/atlantedelgiallo.unilink.it\/index.php\/2024\/02\/01\/bella-da-morire-drop-dead-beauty\/\">Febbraio 1, 2024<\/a><\/time><\/div>\n<\/li><li class=\"wp-block-post post-968 post type-post status-publish format-standard has-post-thumbnail hentry category-news tag-atlante tag-giallo tag-noir-in-festival\">\n<figure style=\"width:100%;height:318px;\" class=\"wp-block-post-featured-image\"><a href=\"https:\/\/atlantedelgiallo.unilink.it\/index.php\/2023\/12\/03\/atlante-del-giallo-al-noir-in-festival\/\" target=\"_self\"  style=\"height:318px\"><img decoding=\"async\" width=\"1746\" height=\"1486\" data-src=\"https:\/\/atlantedelgiallo.unilink.it\/wp-content\/uploads\/2023\/12\/Loandina_PRINGiallo-Noir_2023-copia_page-0001.jpg\" class=\"attachment-post-thumbnail size-post-thumbnail wp-post-image lazyload\" alt=\"Atlante del giallo al Noir in Festival 2023\" style=\"--smush-placeholder-width: 1746px; --smush-placeholder-aspect-ratio: 1746\/1486;height:318px;object-fit:cover;\" data-srcset=\"https:\/\/atlantedelgiallo.unilink.it\/wp-content\/uploads\/2023\/12\/Loandina_PRINGiallo-Noir_2023-copia_page-0001.jpg 1746w, https:\/\/atlantedelgiallo.unilink.it\/wp-content\/uploads\/2023\/12\/Loandina_PRINGiallo-Noir_2023-copia_page-0001-300x255.jpg 300w, https:\/\/atlantedelgiallo.unilink.it\/wp-content\/uploads\/2023\/12\/Loandina_PRINGiallo-Noir_2023-copia_page-0001-1024x872.jpg 1024w, https:\/\/atlantedelgiallo.unilink.it\/wp-content\/uploads\/2023\/12\/Loandina_PRINGiallo-Noir_2023-copia_page-0001-768x654.jpg 768w, https:\/\/atlantedelgiallo.unilink.it\/wp-content\/uploads\/2023\/12\/Loandina_PRINGiallo-Noir_2023-copia_page-0001-1536x1307.jpg 1536w\" data-sizes=\"(max-width: 1746px) 100vw, 1746px\" src=\"data:image\/gif;base64,R0lGODlhAQABAAAAACH5BAEKAAEALAAAAAABAAEAAAICTAEAOw==\" \/><\/a><\/figure>\n\n<h2 class=\"wp-block-post-title has-x-large-font-size\"><a href=\"https:\/\/atlantedelgiallo.unilink.it\/index.php\/2023\/12\/03\/atlante-del-giallo-al-noir-in-festival\/\" target=\"_self\" >Atlante del giallo al Noir in Festival 2023<\/a><\/h2>\n\n<div class=\"wp-block-post-excerpt\"><p class=\"wp-block-post-excerpt__excerpt\">Atlante del giallo @ Noir in Festival, 6 dicembre 2023 <\/p><\/div>\n\n<div class=\"wp-block-post-date has-small-font-size\"><time datetime=\"2023-12-03T20:00:24+01:00\"><a href=\"https:\/\/atlantedelgiallo.unilink.it\/index.php\/2023\/12\/03\/atlante-del-giallo-al-noir-in-festival\/\">Dicembre 3, 2023<\/a><\/time><\/div>\n<\/li><li class=\"wp-block-post post-954 post type-post status-publish format-standard has-post-thumbnail hentry category-news tag-convegno tag-crime tag-serialita\">\n<figure style=\"width:100%;height:318px;\" class=\"wp-block-post-featured-image\"><a href=\"https:\/\/atlantedelgiallo.unilink.it\/index.php\/2023\/11\/20\/atlante-del-giallo-partecipa-al-convegno-internazionale-universi-seriali\/\" target=\"_self\"  style=\"height:318px\"><img decoding=\"async\" width=\"1088\" height=\"765\" data-src=\"https:\/\/atlantedelgiallo.unilink.it\/wp-content\/uploads\/2023\/11\/aaaa.jpg\" class=\"attachment-post-thumbnail size-post-thumbnail wp-post-image lazyload\" alt=\"Atlante del giallo partecipa al Convegno Internazionale \u201cUniversi seriali\u201d\" style=\"--smush-placeholder-width: 1088px; --smush-placeholder-aspect-ratio: 1088\/765;height:318px;object-fit:cover;\" data-srcset=\"https:\/\/atlantedelgiallo.unilink.it\/wp-content\/uploads\/2023\/11\/aaaa.jpg 1088w, https:\/\/atlantedelgiallo.unilink.it\/wp-content\/uploads\/2023\/11\/aaaa-300x211.jpg 300w, https:\/\/atlantedelgiallo.unilink.it\/wp-content\/uploads\/2023\/11\/aaaa-1024x720.jpg 1024w, https:\/\/atlantedelgiallo.unilink.it\/wp-content\/uploads\/2023\/11\/aaaa-768x540.jpg 768w\" data-sizes=\"(max-width: 1088px) 100vw, 1088px\" src=\"data:image\/gif;base64,R0lGODlhAQABAAAAACH5BAEKAAEALAAAAAABAAEAAAICTAEAOw==\" \/><\/a><\/figure>\n\n<h2 class=\"wp-block-post-title has-x-large-font-size\"><a href=\"https:\/\/atlantedelgiallo.unilink.it\/index.php\/2023\/11\/20\/atlante-del-giallo-partecipa-al-convegno-internazionale-universi-seriali\/\" target=\"_self\" >Atlante del giallo partecipa al Convegno Internazionale \u201cUniversi seriali\u201d<\/a><\/h2>\n\n<div class=\"wp-block-post-excerpt\"><p class=\"wp-block-post-excerpt__excerpt\">Atlante del giallo partecipa al Convegno Internazionale \u201cUniversi seriali\u201d <\/p><\/div>\n\n<div class=\"wp-block-post-date has-small-font-size\"><time datetime=\"2023-11-20T01:25:55+01:00\"><a href=\"https:\/\/atlantedelgiallo.unilink.it\/index.php\/2023\/11\/20\/atlante-del-giallo-partecipa-al-convegno-internazionale-universi-seriali\/\">Novembre 20, 2023<\/a><\/time><\/div>\n<\/li><\/ul>\n\n\n<hr class=\"wp-block-separator alignwide is-style-wide\"\/>\n\n\n<nav class=\"alignwide wp-block-query-pagination is-content-justification-space-between is-layout-flex wp-container-core-query-pagination-is-layout-b2891da8 wp-block-query-pagination-is-layout-flex\" aria-label=\"Paginazione\">\n\n\n<div class=\"wp-block-query-pagination-numbers\"><span aria-current=\"page\" class=\"page-numbers current\">1<\/span>\n<a class=\"page-numbers\" href=\"?query-45-page=2\">2<\/a><\/div>\n\n<a href=\"\/index.php\/wp-json\/wp\/v2\/pages\/23?query-45-page=2\" class=\"wp-block-query-pagination-next has-small-font-size\">Pagina successiva<span class='wp-block-query-pagination-next-arrow is-arrow-arrow' aria-hidden='true'>\u2192<\/span><\/a>\n<\/nav><\/div>\n","protected":false},"excerpt":{"rendered":"","protected":false},"author":2,"featured_media":0,"parent":0,"menu_order":0,"comment_status":"closed","ping_status":"closed","template":"","meta":{"footnotes":""},"class_list":["post-23","page","type-page","status-publish","hentry"],"yoast_head":"<!-- This site is optimized with the Yoast SEO plugin v24.4 - https:\/\/yoast.com\/wordpress\/plugins\/seo\/ -->\n<title>News - Atlante del giallo<\/title>\n<meta name=\"robots\" content=\"index, follow, max-snippet:-1, max-image-preview:large, max-video-preview:-1\" \/>\n<link rel=\"canonical\" href=\"https:\/\/atlantedelgiallo.unilink.it\/index.php\/news\/\" \/>\n<meta property=\"og:locale\" content=\"it_IT\" \/>\n<meta property=\"og:type\" content=\"article\" \/>\n<meta property=\"og:title\" content=\"News - Atlante del giallo\" \/>\n<meta property=\"og:url\" content=\"https:\/\/atlantedelgiallo.unilink.it\/index.php\/news\/\" \/>\n<meta property=\"og:site_name\" content=\"Atlante del giallo\" \/>\n<meta property=\"article:modified_time\" content=\"2024-10-29T14:11:51+00:00\" \/>\n<meta property=\"og:image\" content=\"https:\/\/atlantedelgiallo.unilink.it\/wp-content\/uploads\/2022\/05\/negativo-colore.png\" \/>\n\t<meta property=\"og:image:width\" content=\"2122\" \/>\n\t<meta property=\"og:image:height\" content=\"1982\" \/>\n\t<meta property=\"og:image:type\" content=\"image\/png\" \/>\n<meta name=\"twitter:card\" content=\"summary_large_image\" \/>\n<script type=\"application\/ld+json\" class=\"yoast-schema-graph\">{\"@context\":\"https:\/\/schema.org\",\"@graph\":[{\"@type\":\"WebPage\",\"@id\":\"https:\/\/atlantedelgiallo.unilink.it\/index.php\/news\/\",\"url\":\"https:\/\/atlantedelgiallo.unilink.it\/index.php\/news\/\",\"name\":\"News - Atlante del giallo\",\"isPartOf\":{\"@id\":\"https:\/\/atlantedelgiallo.unilink.it\/#website\"},\"datePublished\":\"2022-05-11T10:57:27+00:00\",\"dateModified\":\"2024-10-29T14:11:51+00:00\",\"breadcrumb\":{\"@id\":\"https:\/\/atlantedelgiallo.unilink.it\/index.php\/news\/#breadcrumb\"},\"inLanguage\":\"it-IT\",\"potentialAction\":[{\"@type\":\"ReadAction\",\"target\":[\"https:\/\/atlantedelgiallo.unilink.it\/index.php\/news\/\"]}]},{\"@type\":\"BreadcrumbList\",\"@id\":\"https:\/\/atlantedelgiallo.unilink.it\/index.php\/news\/#breadcrumb\",\"itemListElement\":[{\"@type\":\"ListItem\",\"position\":1,\"name\":\"Home\",\"item\":\"https:\/\/atlantedelgiallo.unilink.it\/\"},{\"@type\":\"ListItem\",\"position\":2,\"name\":\"News\"}]},{\"@type\":\"WebSite\",\"@id\":\"https:\/\/atlantedelgiallo.unilink.it\/#website\",\"url\":\"https:\/\/atlantedelgiallo.unilink.it\/\",\"name\":\"Atlante del giallo\",\"description\":\"Progetto Prin 2020\",\"publisher\":{\"@id\":\"https:\/\/atlantedelgiallo.unilink.it\/#organization\"},\"potentialAction\":[{\"@type\":\"SearchAction\",\"target\":{\"@type\":\"EntryPoint\",\"urlTemplate\":\"https:\/\/atlantedelgiallo.unilink.it\/?s={search_term_string}\"},\"query-input\":{\"@type\":\"PropertyValueSpecification\",\"valueRequired\":true,\"valueName\":\"search_term_string\"}}],\"inLanguage\":\"it-IT\"},{\"@type\":\"Organization\",\"@id\":\"https:\/\/atlantedelgiallo.unilink.it\/#organization\",\"name\":\"Atlante del giallo - Progetto Prin 2020\",\"url\":\"https:\/\/atlantedelgiallo.unilink.it\/\",\"logo\":{\"@type\":\"ImageObject\",\"inLanguage\":\"it-IT\",\"@id\":\"https:\/\/atlantedelgiallo.unilink.it\/#\/schema\/logo\/image\/\",\"url\":\"https:\/\/atlantedelgiallo.unilink.it\/wp-content\/uploads\/2022\/05\/negativo-colore-1.png\",\"contentUrl\":\"https:\/\/atlantedelgiallo.unilink.it\/wp-content\/uploads\/2022\/05\/negativo-colore-1.png\",\"width\":2122,\"height\":1982,\"caption\":\"Atlante del giallo - Progetto Prin 2020\"},\"image\":{\"@id\":\"https:\/\/atlantedelgiallo.unilink.it\/#\/schema\/logo\/image\/\"}}]}<\/script>\n<!-- \/ Yoast SEO plugin. -->","yoast_head_json":{"title":"News - Atlante del giallo","robots":{"index":"index","follow":"follow","max-snippet":"max-snippet:-1","max-image-preview":"max-image-preview:large","max-video-preview":"max-video-preview:-1"},"canonical":"https:\/\/atlantedelgiallo.unilink.it\/index.php\/news\/","og_locale":"it_IT","og_type":"article","og_title":"News - Atlante del giallo","og_url":"https:\/\/atlantedelgiallo.unilink.it\/index.php\/news\/","og_site_name":"Atlante del giallo","article_modified_time":"2024-10-29T14:11:51+00:00","og_image":[{"width":2122,"height":1982,"url":"https:\/\/atlantedelgiallo.unilink.it\/wp-content\/uploads\/2022\/05\/negativo-colore.png","type":"image\/png"}],"twitter_card":"summary_large_image","schema":{"@context":"https:\/\/schema.org","@graph":[{"@type":"WebPage","@id":"https:\/\/atlantedelgiallo.unilink.it\/index.php\/news\/","url":"https:\/\/atlantedelgiallo.unilink.it\/index.php\/news\/","name":"News - Atlante del giallo","isPartOf":{"@id":"https:\/\/atlantedelgiallo.unilink.it\/#website"},"datePublished":"2022-05-11T10:57:27+00:00","dateModified":"2024-10-29T14:11:51+00:00","breadcrumb":{"@id":"https:\/\/atlantedelgiallo.unilink.it\/index.php\/news\/#breadcrumb"},"inLanguage":"it-IT","potentialAction":[{"@type":"ReadAction","target":["https:\/\/atlantedelgiallo.unilink.it\/index.php\/news\/"]}]},{"@type":"BreadcrumbList","@id":"https:\/\/atlantedelgiallo.unilink.it\/index.php\/news\/#breadcrumb","itemListElement":[{"@type":"ListItem","position":1,"name":"Home","item":"https:\/\/atlantedelgiallo.unilink.it\/"},{"@type":"ListItem","position":2,"name":"News"}]},{"@type":"WebSite","@id":"https:\/\/atlantedelgiallo.unilink.it\/#website","url":"https:\/\/atlantedelgiallo.unilink.it\/","name":"Atlante del giallo","description":"Progetto Prin 2020","publisher":{"@id":"https:\/\/atlantedelgiallo.unilink.it\/#organization"},"potentialAction":[{"@type":"SearchAction","target":{"@type":"EntryPoint","urlTemplate":"https:\/\/atlantedelgiallo.unilink.it\/?s={search_term_string}"},"query-input":{"@type":"PropertyValueSpecification","valueRequired":true,"valueName":"search_term_string"}}],"inLanguage":"it-IT"},{"@type":"Organization","@id":"https:\/\/atlantedelgiallo.unilink.it\/#organization","name":"Atlante del giallo - Progetto Prin 2020","url":"https:\/\/atlantedelgiallo.unilink.it\/","logo":{"@type":"ImageObject","inLanguage":"it-IT","@id":"https:\/\/atlantedelgiallo.unilink.it\/#\/schema\/logo\/image\/","url":"https:\/\/atlantedelgiallo.unilink.it\/wp-content\/uploads\/2022\/05\/negativo-colore-1.png","contentUrl":"https:\/\/atlantedelgiallo.unilink.it\/wp-content\/uploads\/2022\/05\/negativo-colore-1.png","width":2122,"height":1982,"caption":"Atlante del giallo - Progetto Prin 2020"},"image":{"@id":"https:\/\/atlantedelgiallo.unilink.it\/#\/schema\/logo\/image\/"}}]}},"_links":{"self":[{"href":"https:\/\/atlantedelgiallo.unilink.it\/index.php\/wp-json\/wp\/v2\/pages\/23","targetHints":{"allow":["GET"]}}],"collection":[{"href":"https:\/\/atlantedelgiallo.unilink.it\/index.php\/wp-json\/wp\/v2\/pages"}],"about":[{"href":"https:\/\/atlantedelgiallo.unilink.it\/index.php\/wp-json\/wp\/v2\/types\/page"}],"author":[{"embeddable":true,"href":"https:\/\/atlantedelgiallo.unilink.it\/index.php\/wp-json\/wp\/v2\/users\/2"}],"replies":[{"embeddable":true,"href":"https:\/\/atlantedelgiallo.unilink.it\/index.php\/wp-json\/wp\/v2\/comments?post=23"}],"version-history":[{"count":3,"href":"https:\/\/atlantedelgiallo.unilink.it\/index.php\/wp-json\/wp\/v2\/pages\/23\/revisions"}],"predecessor-version":[{"id":1282,"href":"https:\/\/atlantedelgiallo.unilink.it\/index.php\/wp-json\/wp\/v2\/pages\/23\/revisions\/1282"}],"wp:attachment":[{"href":"https:\/\/atlantedelgiallo.unilink.it\/index.php\/wp-json\/wp\/v2\/media?parent=23"}],"curies":[{"name":"wp","href":"https:\/\/api.w.org\/{rel}","templated":true}]}}